{"id":1959,"date":"2022-01-06T08:22:24","date_gmt":"2022-01-06T08:22:24","guid":{"rendered":"https:\/\/schlosshotel.ch\/einzelzimmer\/"},"modified":"2022-03-08T08:57:30","modified_gmt":"2022-03-08T08:57:30","slug":"chambre-simple","status":"publish","type":"page","link":"https:\/\/www.schlosshotel.ch\/fr\/chambre-simple\/","title":{"rendered":"Chambre simple"},"content":{"rendered":"<p>[et_pb_section fb_built=\u00a0\u00bb1&Prime; custom_padding_last_edited=\u00a0\u00bbon|phone\u00a0\u00bb _builder_version=\u00a0\u00bb4.13.0&Prime; _module_preset=\u00a0\u00bbdefault\u00a0\u00bb background_color=\u00a0\u00bb#f2f2f2&Prime; custom_padding=\u00a0\u00bb100px||100px|||\u00a0\u00bb custom_padding_tablet=\u00a0\u00bb80px||80px||false|false\u00a0\u00bb custom_padding_phone=\u00a0\u00bb50px||50px||false|false\u00a0\u00bb global_colors_info=\u00a0\u00bb{}\u00a0\u00bb][et_pb_row _builder_version=\u00a0\u00bb4.12.1&Prime; _module_preset=\u00a0\u00bbdefault\u00a0\u00bb custom_padding=\u00a0\u00bb||31px|||\u00a0\u00bb global_colors_info=\u00a0\u00bb{}\u00a0\u00bb][et_pb_column type=\u00a0\u00bb4_4&Prime; _builder_version=\u00a0\u00bb4.12.1&Prime; _module_preset=\u00a0\u00bbdefault\u00a0\u00bb pac_dcm_carousel_specific_module_num=\u00a0\u00bb0&Prime; global_colors_info=\u00a0\u00bb{}\u00a0\u00bb][et_pb_text _builder_version=\u00a0\u00bb4.14.7&Prime; _module_preset=\u00a0\u00bbdefault\u00a0\u00bb text_line_height=\u00a0\u00bb33px\u00a0\u00bb text_orientation=\u00a0\u00bbcenter\u00a0\u00bb custom_margin=\u00a0\u00bb||-1px|||\u00a0\u00bb hover_enabled=\u00a0\u00bb0&Prime; text_font_size_tablet=\u00a0\u00bb20px\u00a0\u00bb text_font_size_phone=\u00a0\u00bb18px\u00a0\u00bb text_font_size_last_edited=\u00a0\u00bbon|phone\u00a0\u00bb global_colors_info=\u00a0\u00bb{}\u00a0\u00bb sticky_enabled=\u00a0\u00bb0&Prime;]<\/p>\n<h2>Chambre simple au Schlosshotel, le Self Check-In Hotel<br \/>au parc du ch\u00e2teau en Haut-Valais<\/h2>\n<p>Unsere Einzelzimmer im Schlosshotel in Brig sind alles Doppelzimmer, welche auch zur<br \/>Alleinbenutzung zur Verf\u00fcgung gestellt werden.<\/p>\n<p>[\/et_pb_text][\/et_pb_column][\/et_pb_row][\/et_pb_section][et_pb_section fb_built=\u00a0\u00bb1&Prime; _builder_version=\u00a0\u00bb4.12.1&Prime; _module_preset=\u00a0\u00bbdefault\u00a0\u00bb custom_padding=\u00a0\u00bb||150px|||\u00a0\u00bb global_colors_info=\u00a0\u00bb{}\u00a0\u00bb][et_pb_row _builder_version=\u00a0\u00bb4.14.7&Prime; _module_preset=\u00a0\u00bbdefault\u00a0\u00bb global_colors_info=\u00a0\u00bb{}\u00a0\u00bb][et_pb_column type=\u00a0\u00bb4_4&Prime; _builder_version=\u00a0\u00bb4.14.7&Prime; _module_preset=\u00a0\u00bbdefault\u00a0\u00bb pac_dcm_is_carousel=\u00a0\u00bbon\u00a0\u00bb pac_dcm_carousel_row_items=\u00a0\u00bb1&Prime; pac_dcm_carousel_specific_module_num=\u00a0\u00bb0&Prime; pac_dcm_carousel_navigation_arrows_position=\u00a0\u00bbsides_inset\u00a0\u00bb pac_dcm_carousel_navigation_arrows_background_color=\u00a0\u00bb#000000&Prime; pac_dcm_carousel_navigation_arrows_color=\u00a0\u00bb#FFFFFF\u00a0\u00bb pac_dcm_carousel_navigation_prev_icon=\u00a0\u00bb&#x34;||divi||400&Prime; pac_dcm_carousel_navigation_next_icon=\u00a0\u00bb&#x35;||divi||400&Prime; pac_dcm_carousel_navigation_dots=\u00a0\u00bboff\u00a0\u00bb global_colors_info=\u00a0\u00bb{}\u00a0\u00bb][et_pb_image src=\u00a0\u00bbhttps:\/\/www.schlosshotel.ch\/wp-content\/uploads\/2022\/03\/Schlosshotel-Brig-Einzelzimmer.jpeg\u00a0\u00bb title_text=\u00a0\u00bbSchlosshotel-Brig-Einzelzimmer\u00a0\u00bb show_in_lightbox=\u00a0\u00bbon\u00a0\u00bb force_fullwidth=\u00a0\u00bbon\u00a0\u00bb _builder_version=\u00a0\u00bb4.14.7&Prime; _module_preset=\u00a0\u00bbdefault\u00a0\u00bb global_colors_info=\u00a0\u00bb{}\u00a0\u00bb][\/et_pb_image][\/et_pb_column][\/et_pb_row][et_pb_row _builder_version=\u00a0\u00bb4.12.1&Prime; _module_preset=\u00a0\u00bbdefault\u00a0\u00bb global_colors_info=\u00a0\u00bb{}\u00a0\u00bb][et_pb_column type=\u00a0\u00bb4_4&Prime; _builder_version=\u00a0\u00bb4.12.1&Prime; _module_preset=\u00a0\u00bbdefault\u00a0\u00bb pac_dcm_carousel_specific_module_num=\u00a0\u00bb0&Prime; global_colors_info=\u00a0\u00bb{}\u00a0\u00bb][et_pb_text _builder_version=\u00a0\u00bb4.14.7&Prime; _module_preset=\u00a0\u00bbdefault\u00a0\u00bb text_line_height=\u00a0\u00bb33px\u00a0\u00bb hover_enabled=\u00a0\u00bb0&Prime; text_font_size_tablet=\u00a0\u00bb20px\u00a0\u00bb text_font_size_phone=\u00a0\u00bb18px\u00a0\u00bb text_font_size_last_edited=\u00a0\u00bbon|phone\u00a0\u00bb global_colors_info=\u00a0\u00bb{}\u00a0\u00bb sticky_enabled=\u00a0\u00bb0&Prime;]<\/p>\n<p>Equip\u00e9 de beaux meubles en noyer, armoire et placard spacieux, miroir mural, bureau avec lampe de table, bain ou douche avec WC et s\u00e8che-cheveux, \u00e9cran plat num\u00e9rique avec radio int\u00e9gr\u00e9e, WiFi gratuit, t\u00e9l\u00e9phone direct et votre propre num\u00e9ro.<\/p>\n<p>Certaines chambres disposent d&rsquo;un balcon.<\/p>\n<p>Le petit-d\u00e9jeuner est disponible sous forme de buffet copieux dans la salle de petit-d\u00e9jeuner au rez-de-chauss\u00e9e.<\/p>\n<p>[\/et_pb_text][\/et_pb_column][\/et_pb_row][\/et_pb_section][et_pb_section fb_built=\u00a0\u00bb1&Prime; custom_padding_last_edited=\u00a0\u00bbon|phone\u00a0\u00bb _builder_version=\u00a0\u00bb4.13.0&Prime; _module_preset=\u00a0\u00bbdefault\u00a0\u00bb background_color=\u00a0\u00bb#FFFFFF\u00a0\u00bb custom_padding=\u00a0\u00bb0px||103px||false|false\u00a0\u00bb custom_padding_tablet=\u00a0\u00bb||83px||false|false\u00a0\u00bb custom_padding_phone=\u00a0\u00bb||53px||false|false\u00a0\u00bb saved_tabs=\u00a0\u00bball\u00a0\u00bb global_colors_info=\u00a0\u00bb{}\u00a0\u00bb][et_pb_row custom_padding_last_edited=\u00a0\u00bbon|desktop\u00a0\u00bb _builder_version=\u00a0\u00bb4.13.0&Prime; _module_preset=\u00a0\u00bbdefault\u00a0\u00bb background_color=\u00a0\u00bb#f4f4f4&Prime; custom_padding=\u00a0\u00bb86px||86px||true|false\u00a0\u00bb custom_padding_tablet=\u00a0\u00bb86px||86px||true|false\u00a0\u00bb custom_padding_phone=\u00a0\u00bb86px||86px||true|false\u00a0\u00bb global_colors_info=\u00a0\u00bb{}\u00a0\u00bb][et_pb_column type=\u00a0\u00bb4_4&Prime; _builder_version=\u00a0\u00bb4.11.4&Prime; _module_preset=\u00a0\u00bbdefault\u00a0\u00bb pac_dcm_carousel_specific_module_num=\u00a0\u00bb0&Prime; global_colors_info=\u00a0\u00bb{}\u00a0\u00bb][et_pb_text _builder_version=\u00a0\u00bb4.14.7&Prime; _module_preset=\u00a0\u00bbdefault\u00a0\u00bb text_font=\u00a0\u00bb||||||||\u00a0\u00bb text_font_size=\u00a0\u00bb25px\u00a0\u00bb text_line_height=\u00a0\u00bb33px\u00a0\u00bb header_2_text_color=\u00a0\u00bb#000000&Prime; header_2_line_height=\u00a0\u00bb30px\u00a0\u00bb text_orientation=\u00a0\u00bbcenter\u00a0\u00bb custom_margin=\u00a0\u00bb||55px|||\u00a0\u00bb custom_padding=\u00a0\u00bb|20px||20px|false|false\u00a0\u00bb hover_enabled=\u00a0\u00bb0&Prime; text_font_size_tablet=\u00a0\u00bb20px\u00a0\u00bb text_font_size_phone=\u00a0\u00bb18px\u00a0\u00bb text_font_size_last_edited=\u00a0\u00bbon|phone\u00a0\u00bb header_2_font_size_tablet=\u00a0\u00bb20px\u00a0\u00bb header_2_font_size_phone=\u00a0\u00bb20px\u00a0\u00bb header_2_font_size_last_edited=\u00a0\u00bbon|tablet\u00a0\u00bb global_colors_info=\u00a0\u00bb{}\u00a0\u00bb sticky_enabled=\u00a0\u00bb0&Prime;]<\/p>\n<h2>R\u00e9servez votre s\u00e9jour<\/h2>\n<p>R\u00e9servez d\u00e8s aujourd&rsquo;hui votre s\u00e9jour \u00e0 l&rsquo;h\u00f4tel avec enregistrement automatique \u00e0 Brigue.<br \/>Au meilleur prix garanti.<\/p>\n<p>[\/et_pb_text][et_pb_image src=\u00a0\u00bbhttps:\/\/www.schlosshotel.ch\/wp-content\/uploads\/2021\/10\/Unbenannt-3.png\u00a0\u00bb title_text=\u00a0\u00bbUnbenannt-3&Prime; _builder_version=\u00a0\u00bb4.13.0&Prime; _module_preset=\u00a0\u00bbdefault\u00a0\u00bb positioning=\u00a0\u00bbabsolute\u00a0\u00bb position_origin_a=\u00a0\u00bbtop_right\u00a0\u00bb vertical_offset=\u00a0\u00bb-130px\u00a0\u00bb horizontal_offset=\u00a0\u00bb43px\u00a0\u00bb width=\u00a0\u00bb100%\u00a0\u00bb max_width=\u00a0\u00bb150px\u00a0\u00bb max_width_tablet=\u00a0\u00bb100px\u00a0\u00bb max_width_phone=\u00a0\u00bb80px\u00a0\u00bb max_width_last_edited=\u00a0\u00bbon|phone\u00a0\u00bb global_colors_info=\u00a0\u00bb{}\u00a0\u00bb][\/et_pb_image][et_pb_code module_class=\u00a0\u00bbnavibookbutton\u00a0\u00bb _builder_version=\u00a0\u00bb4.14.7&Prime; _module_preset=\u00a0\u00bbdefault\u00a0\u00bb text_orientation=\u00a0\u00bbcenter\u00a0\u00bb hover_enabled=\u00a0\u00bb0&Prime; global_colors_info=\u00a0\u00bb{}\u00a0\u00bb sticky_enabled=\u00a0\u00bb0&Prime;]<button onclick=\"wbeOpenOverlay()\">Voir les disponibilit\u00e9s<\/button>[\/et_pb_code][\/et_pb_column][\/et_pb_row][\/et_pb_section][et_pb_section fb_built=\u00a0\u00bb1&Prime; custom_padding_last_edited=\u00a0\u00bbon|phone\u00a0\u00bb _builder_version=\u00a0\u00bb4.13.0&Prime; _module_preset=\u00a0\u00bbdefault\u00a0\u00bb custom_padding=\u00a0\u00bb100px||190px||false|false\u00a0\u00bb custom_padding_tablet=\u00a0\u00bb80px||150px||false|false\u00a0\u00bb custom_padding_phone=\u00a0\u00bb50px||100px||false|false\u00a0\u00bb global_colors_info=\u00a0\u00bb{}\u00a0\u00bb][et_pb_row column_structure=\u00a0\u00bb1_2,1_2&Prime; _builder_version=\u00a0\u00bb4.11.4&Prime; _module_preset=\u00a0\u00bbdefault\u00a0\u00bb global_colors_info=\u00a0\u00bb{}\u00a0\u00bb][et_pb_column type=\u00a0\u00bb1_2&Prime; _builder_version=\u00a0\u00bb4.11.4&Prime; _module_preset=\u00a0\u00bbdefault\u00a0\u00bb pac_dcm_carousel_specific_module_num=\u00a0\u00bb0&Prime; global_colors_info=\u00a0\u00bb{}\u00a0\u00bb][et_pb_blurb title=\u00a0\u00bbD\u00e9couvrez notre offre\u00a0\u00bb image=\u00a0\u00bbhttps:\/\/www.schlosshotel.ch\/wp-content\/uploads\/2021\/10\/DSC9887-scaled.jpg\u00a0\u00bb content_max_width_tablet=\u00a0\u00bb100%\u00a0\u00bb content_max_width_phone=\u00a0\u00bb100%\u00a0\u00bb content_max_width_last_edited=\u00a0\u00bbon|tablet\u00a0\u00bb _builder_version=\u00a0\u00bb4.14.7&Prime; _module_preset=\u00a0\u00bbdefault\u00a0\u00bb header_level=\u00a0\u00bbh3&Prime; body_font_size=\u00a0\u00bb20px\u00a0\u00bb body_line_height=\u00a0\u00bb33px\u00a0\u00bb animation=\u00a0\u00bboff\u00a0\u00bb hover_enabled=\u00a0\u00bb0&Prime; body_font_size_tablet=\u00a0\u00bb20px\u00a0\u00bb body_font_size_phone=\u00a0\u00bb18px\u00a0\u00bb body_font_size_last_edited=\u00a0\u00bbon|phone\u00a0\u00bb global_colors_info=\u00a0\u00bb{}\u00a0\u00bb sticky_enabled=\u00a0\u00bb0&Prime;]<\/p>\n<p>Chambres simples, doubles et familiales au c\u0153ur de Brigue Profitez de votre s\u00e9jour \u00e0 l&rsquo;h\u00f4tel-ch\u00e2teau de Brigue, nous nous r\u00e9jouissons de votre visite.<\/p>\n<p>[\/et_pb_blurb][et_pb_button button_url=\u00a0\u00bb@ET-DC@eyJkeW5hbWljIjp0cnVlLCJjb250ZW50IjoicG9zdF9saW5rX3VybF9wYWdlIiwic2V0dGluZ3MiOnsicG9zdF9pZCI6IjUxNyJ9fQ==@\u00a0\u00bb button_text=\u00a0\u00bbVoir les chambres\u00a0\u00bb button_alignment=\u00a0\u00bbcenter\u00a0\u00bb button_alignment_tablet=\u00a0\u00bbleft\u00a0\u00bb button_alignment_phone=\u00a0\u00bbleft\u00a0\u00bb button_alignment_last_edited=\u00a0\u00bbon|tablet\u00a0\u00bb _builder_version=\u00a0\u00bb4.14.7&Prime; _dynamic_attributes=\u00a0\u00bbbutton_url\u00a0\u00bb _module_preset=\u00a0\u00bbdefault\u00a0\u00bb custom_button=\u00a0\u00bbon\u00a0\u00bb button_text_size=\u00a0\u00bb18px\u00a0\u00bb button_text_color=\u00a0\u00bb#FFFFFF\u00a0\u00bb button_bg_color=\u00a0\u00bb#000000&Prime; button_border_width=\u00a0\u00bb0px\u00a0\u00bb button_border_radius=\u00a0\u00bb100px\u00a0\u00bb button_use_icon=\u00a0\u00bboff\u00a0\u00bb custom_margin=\u00a0\u00bb||||false|false\u00a0\u00bb custom_padding=\u00a0\u00bb7px|30px|7px|30px|true|true\u00a0\u00bb hover_enabled=\u00a0\u00bb0&Prime; global_colors_info=\u00a0\u00bb{}\u00a0\u00bb sticky_enabled=\u00a0\u00bb0&Prime;][\/et_pb_button][\/et_pb_column][et_pb_column type=\u00a0\u00bb1_2&Prime; _builder_version=\u00a0\u00bb4.11.4&Prime; _module_preset=\u00a0\u00bbdefault\u00a0\u00bb pac_dcm_carousel_specific_module_num=\u00a0\u00bb0&Prime; global_colors_info=\u00a0\u00bb{}\u00a0\u00bb][et_pb_blurb title=\u00a0\u00bbApprendre a nous connaitre\u00a0\u00bb image=\u00a0\u00bbhttps:\/\/www.schlosshotel.ch\/wp-content\/uploads\/2021\/10\/DJI_0469-scaled.jpg\u00a0\u00bb content_max_width_tablet=\u00a0\u00bb100%\u00a0\u00bb content_max_width_phone=\u00a0\u00bb100%\u00a0\u00bb content_max_width_last_edited=\u00a0\u00bbon|tablet\u00a0\u00bb _builder_version=\u00a0\u00bb4.14.7&Prime; _module_preset=\u00a0\u00bbdefault\u00a0\u00bb header_level=\u00a0\u00bbh3&Prime; body_font_size=\u00a0\u00bb20px\u00a0\u00bb body_line_height=\u00a0\u00bb33px\u00a0\u00bb animation=\u00a0\u00bboff\u00a0\u00bb hover_enabled=\u00a0\u00bb0&Prime; body_font_size_tablet=\u00a0\u00bb20px\u00a0\u00bb body_font_size_phone=\u00a0\u00bb18px\u00a0\u00bb body_font_size_last_edited=\u00a0\u00bbon|phone\u00a0\u00bb global_colors_info=\u00a0\u00bb{}\u00a0\u00bb sticky_enabled=\u00a0\u00bb0&Prime;]<\/p>\n<p>La famille Zenklusen g\u00e8re le Schlosshotel \u00e0 Brigue depuis mai 2021. Apprenez \u00e0 conna\u00eetre vos h\u00f4tes. Nous attendons votre visite.<\/p>\n<p>[\/et_pb_blurb][et_pb_button button_url=\u00a0\u00bb@ET-DC@eyJkeW5hbWljIjp0cnVlLCJjb250ZW50IjoicG9zdF9saW5rX3VybF9wYWdlIiwic2V0dGluZ3MiOnsicG9zdF9pZCI6IjUzMyJ9fQ==@\u00a0\u00bb button_text=\u00a0\u00bbApprendre \u00e0 conna\u00eetre\u00a0\u00bb button_alignment=\u00a0\u00bbcenter\u00a0\u00bb button_alignment_tablet=\u00a0\u00bbleft\u00a0\u00bb button_alignment_phone=\u00a0\u00bbleft\u00a0\u00bb button_alignment_last_edited=\u00a0\u00bbon|tablet\u00a0\u00bb _builder_version=\u00a0\u00bb4.14.7&Prime; _dynamic_attributes=\u00a0\u00bbbutton_url\u00a0\u00bb _module_preset=\u00a0\u00bbdefault\u00a0\u00bb custom_button=\u00a0\u00bbon\u00a0\u00bb button_text_size=\u00a0\u00bb18px\u00a0\u00bb button_text_color=\u00a0\u00bb#FFFFFF\u00a0\u00bb button_bg_color=\u00a0\u00bb#000000&Prime; button_border_width=\u00a0\u00bb0px\u00a0\u00bb button_border_radius=\u00a0\u00bb100px\u00a0\u00bb button_use_icon=\u00a0\u00bboff\u00a0\u00bb custom_margin=\u00a0\u00bb||||false|false\u00a0\u00bb custom_padding=\u00a0\u00bb7px|30px|7px|30px|true|true\u00a0\u00bb hover_enabled=\u00a0\u00bb0&Prime; global_colors_info=\u00a0\u00bb{}\u00a0\u00bb sticky_enabled=\u00a0\u00bb0&Prime;][\/et_pb_button][\/et_pb_column][\/et_pb_row][\/et_pb_section]<\/p>\n","protected":false},"excerpt":{"rendered":"<p>Chambre simple au Schlosshotel, le Self Check-In Hotelau parc du ch\u00e2teau en Haut-Valais Unsere Einzelzimmer im Schlosshotel in Brig sind alles Doppelzimmer, welche auch zurAlleinbenutzung zur Verf\u00fcgung gestellt werden.Equip\u00e9 de beaux meubles en noyer, armoire et placard spacieux, miroir mural, bureau avec lampe de table, bain ou douche avec WC et s\u00e8che-cheveux, \u00e9cran plat num\u00e9rique [&hellip;]<\/p>\n","protected":false},"author":1,"featured_media":0,"parent":0,"menu_order":0,"comment_status":"closed","ping_status":"closed","template":"","meta":{"_et_pb_use_builder":"on","_et_pb_old_content":"","_et_gb_content_width":"","footnotes":""},"class_list":["post-1959","page","type-page","status-publish","hentry"],"yoast_head":"<!-- This site is optimized with the Yoast SEO plugin v27.5 - https:\/\/yoast.com\/product\/yoast-seo-wordpress\/ -->\n<title>Chambre simple - Schlosshotel Brig<\/title>\n<meta name=\"description\" content=\"Unsere Einzelzimmer im Schlosshotel in Brig sind alles Doppelzimmer, welche auch zur Alleinbenutzung zur Verf\u00fcgung gestellt werden.\" \/>\n<meta name=\"robots\" content=\"index, follow, max-snippet:-1, max-image-preview:large, max-video-preview:-1\" \/>\n<link rel=\"canonical\" href=\"https:\/\/www.schlosshotel.ch\/fr\/chambre-simple\/\" \/>\n<meta property=\"og:locale\" content=\"fr_FR\" \/>\n<meta property=\"og:type\" content=\"article\" \/>\n<meta property=\"og:title\" content=\"Chambre simple - Schlosshotel Brig\" \/>\n<meta property=\"og:description\" content=\"Unsere Einzelzimmer im Schlosshotel in Brig sind alles Doppelzimmer, welche auch zur Alleinbenutzung zur Verf\u00fcgung gestellt werden.\" \/>\n<meta property=\"og:url\" content=\"https:\/\/www.schlosshotel.ch\/fr\/chambre-simple\/\" \/>\n<meta property=\"og:site_name\" content=\"Schlosshotel Brig\" \/>\n<meta property=\"article:modified_time\" content=\"2022-03-08T08:57:30+00:00\" \/>\n<meta name=\"twitter:card\" content=\"summary_large_image\" \/>\n<meta name=\"twitter:label1\" content=\"Dur\u00e9e de lecture estim\u00e9e\" \/>\n\t<meta name=\"twitter:data1\" content=\"6 minutes\" \/>\n<script type=\"application\/ld+json\" class=\"yoast-schema-graph\">{\"@context\":\"https:\\\/\\\/schema.org\",\"@graph\":[{\"@type\":\"WebPage\",\"@id\":\"https:\\\/\\\/www.schlosshotel.ch\\\/fr\\\/chambre-simple\\\/\",\"url\":\"https:\\\/\\\/www.schlosshotel.ch\\\/fr\\\/chambre-simple\\\/\",\"name\":\"Chambre simple - Schlosshotel Brig\",\"isPartOf\":{\"@id\":\"https:\\\/\\\/www.schlosshotel.ch\\\/#website\"},\"datePublished\":\"2022-01-06T08:22:24+00:00\",\"dateModified\":\"2022-03-08T08:57:30+00:00\",\"description\":\"Unsere Einzelzimmer im Schlosshotel in Brig sind alles Doppelzimmer, welche auch zur Alleinbenutzung zur Verf\u00fcgung gestellt werden.\",\"breadcrumb\":{\"@id\":\"https:\\\/\\\/www.schlosshotel.ch\\\/fr\\\/chambre-simple\\\/#breadcrumb\"},\"inLanguage\":\"fr-FR\",\"potentialAction\":[{\"@type\":\"ReadAction\",\"target\":[\"https:\\\/\\\/www.schlosshotel.ch\\\/fr\\\/chambre-simple\\\/\"]}]},{\"@type\":\"BreadcrumbList\",\"@id\":\"https:\\\/\\\/www.schlosshotel.ch\\\/fr\\\/chambre-simple\\\/#breadcrumb\",\"itemListElement\":[{\"@type\":\"ListItem\",\"position\":1,\"name\":\"Startseite\",\"item\":\"https:\\\/\\\/www.schlosshotel.ch\\\/fr\\\/\"},{\"@type\":\"ListItem\",\"position\":2,\"name\":\"Chambre simple\"}]},{\"@type\":\"WebSite\",\"@id\":\"https:\\\/\\\/www.schlosshotel.ch\\\/#website\",\"url\":\"https:\\\/\\\/www.schlosshotel.ch\\\/\",\"name\":\"Schlosshotel Brig\",\"description\":\"Das Self Check-In Hotel in Brig\",\"potentialAction\":[{\"@type\":\"SearchAction\",\"target\":{\"@type\":\"EntryPoint\",\"urlTemplate\":\"https:\\\/\\\/www.schlosshotel.ch\\\/?s={search_term_string}\"},\"query-input\":{\"@type\":\"PropertyValueSpecification\",\"valueRequired\":true,\"valueName\":\"search_term_string\"}}],\"inLanguage\":\"fr-FR\"}]}<\/script>\n<!-- \/ Yoast SEO plugin. -->","yoast_head_json":{"title":"Chambre simple - Schlosshotel Brig","description":"Unsere Einzelzimmer im Schlosshotel in Brig sind alles Doppelzimmer, welche auch zur Alleinbenutzung zur Verf\u00fcgung gestellt werden.","robots":{"index":"index","follow":"follow","max-snippet":"max-snippet:-1","max-image-preview":"max-image-preview:large","max-video-preview":"max-video-preview:-1"},"canonical":"https:\/\/www.schlosshotel.ch\/fr\/chambre-simple\/","og_locale":"fr_FR","og_type":"article","og_title":"Chambre simple - Schlosshotel Brig","og_description":"Unsere Einzelzimmer im Schlosshotel in Brig sind alles Doppelzimmer, welche auch zur Alleinbenutzung zur Verf\u00fcgung gestellt werden.","og_url":"https:\/\/www.schlosshotel.ch\/fr\/chambre-simple\/","og_site_name":"Schlosshotel Brig","article_modified_time":"2022-03-08T08:57:30+00:00","twitter_card":"summary_large_image","twitter_misc":{"Dur\u00e9e de lecture estim\u00e9e":"6 minutes"},"schema":{"@context":"https:\/\/schema.org","@graph":[{"@type":"WebPage","@id":"https:\/\/www.schlosshotel.ch\/fr\/chambre-simple\/","url":"https:\/\/www.schlosshotel.ch\/fr\/chambre-simple\/","name":"Chambre simple - Schlosshotel Brig","isPartOf":{"@id":"https:\/\/www.schlosshotel.ch\/#website"},"datePublished":"2022-01-06T08:22:24+00:00","dateModified":"2022-03-08T08:57:30+00:00","description":"Unsere Einzelzimmer im Schlosshotel in Brig sind alles Doppelzimmer, welche auch zur Alleinbenutzung zur Verf\u00fcgung gestellt werden.","breadcrumb":{"@id":"https:\/\/www.schlosshotel.ch\/fr\/chambre-simple\/#breadcrumb"},"inLanguage":"fr-FR","potentialAction":[{"@type":"ReadAction","target":["https:\/\/www.schlosshotel.ch\/fr\/chambre-simple\/"]}]},{"@type":"BreadcrumbList","@id":"https:\/\/www.schlosshotel.ch\/fr\/chambre-simple\/#breadcrumb","itemListElement":[{"@type":"ListItem","position":1,"name":"Startseite","item":"https:\/\/www.schlosshotel.ch\/fr\/"},{"@type":"ListItem","position":2,"name":"Chambre simple"}]},{"@type":"WebSite","@id":"https:\/\/www.schlosshotel.ch\/#website","url":"https:\/\/www.schlosshotel.ch\/","name":"Schlosshotel Brig","description":"Das Self Check-In Hotel in Brig","potentialAction":[{"@type":"SearchAction","target":{"@type":"EntryPoint","urlTemplate":"https:\/\/www.schlosshotel.ch\/?s={search_term_string}"},"query-input":{"@type":"PropertyValueSpecification","valueRequired":true,"valueName":"search_term_string"}}],"inLanguage":"fr-FR"}]}},"_links":{"self":[{"href":"https:\/\/www.schlosshotel.ch\/fr\/wp-json\/wp\/v2\/pages\/1959","targetHints":{"allow":["GET"]}}],"collection":[{"href":"https:\/\/www.schlosshotel.ch\/fr\/wp-json\/wp\/v2\/pages"}],"about":[{"href":"https:\/\/www.schlosshotel.ch\/fr\/wp-json\/wp\/v2\/types\/page"}],"author":[{"embeddable":true,"href":"https:\/\/www.schlosshotel.ch\/fr\/wp-json\/wp\/v2\/users\/1"}],"replies":[{"embeddable":true,"href":"https:\/\/www.schlosshotel.ch\/fr\/wp-json\/wp\/v2\/comments?post=1959"}],"version-history":[{"count":2,"href":"https:\/\/www.schlosshotel.ch\/fr\/wp-json\/wp\/v2\/pages\/1959\/revisions"}],"predecessor-version":[{"id":1966,"href":"https:\/\/www.schlosshotel.ch\/fr\/wp-json\/wp\/v2\/pages\/1959\/revisions\/1966"}],"wp:attachment":[{"href":"https:\/\/www.schlosshotel.ch\/fr\/wp-json\/wp\/v2\/media?parent=1959"}],"curies":[{"name":"wp","href":"https:\/\/api.w.org\/{rel}","templated":true}]}}